{"id":4507,"date":"2022-06-03T13:12:22","date_gmt":"2022-06-03T13:12:22","guid":{"rendered":"https:\/\/www.worldfolkvisionitalia.it\/?page_id=4507"},"modified":"2022-11-08T14:07:36","modified_gmt":"2022-11-08T14:07:36","slug":"selezioni-on-line-danze-aeree","status":"publish","type":"page","link":"https:\/\/www.worldfolkvisionitalia.it\/gb\/selezioni-on-line-danze-aeree\/","title":{"rendered":"Selezioni On Line Danze Aeree &#8211; Risultati"},"content":{"rendered":"\n<figure class=\"wp-block-image size-full\"><img loading=\"lazy\" width=\"600\" height=\"800\" src=\"https:\/\/www.worldfolkvisionitalia.it\/wp-content\/uploads\/2022\/06\/DanzeAereeSelezioniOnLine-2.jpg\" alt=\"\" class=\"wp-image-4539\" srcset=\"https:\/\/www.worldfolkvisionitalia.it\/wp-content\/uploads\/2022\/06\/DanzeAereeSelezioniOnLine-2.jpg 600w, https:\/\/www.worldfolkvisionitalia.it\/wp-content\/uploads\/2022\/06\/DanzeAereeSelezioniOnLine-2-225x300.jpg 225w\" sizes=\"(max-width: 600px) 100vw, 600px\" \/><figcaption><a href=\"https:\/\/www.freepik.com\/photos\/gymnastics\">Gymnastics photo created by master1305 &#8211; www.freepik.com<\/a><\/figcaption><\/figure>\n\n\n\n<h2>Selezioni on line di danze aeree<\/h2>\n\n\n\n<div class=\"wp-container-1 wp-block-buttons\">\n<div class=\"wp-block-button is-style-fill\"><a class=\"wp-block-button__link has-black-color has-text-color has-background\" href=\"https:\/\/www.worldfolkvisionitalia.it\/wp-content\/uploads\/2022\/10\/reglamentodanzaaerea22_spa14-10-22.pdf\" style=\"border-radius:4px;background:linear-gradient(135deg,rgb(247,1,9) 0%,rgb(252,224,0) 47%,rgb(255,0,0) 100%)\" target=\"_blank\" rel=\"noreferrer noopener\">Reglamento Danza Aerea Espa\u00f1ol<\/a><\/div>\n\n\n\n<div class=\"wp-block-button is-style-fill\"><a class=\"wp-block-button__link has-black-color has-luminous-vivid-orange-background-color has-text-color has-background\" href=\"https:\/\/www.worldfolkvisionitalia.it\/wp-content\/uploads\/2022\/10\/reglamentodanzaaerea22_ita14-10-22.pdf\" style=\"border-radius:4px\" target=\"_blank\" rel=\"noreferrer noopener\">Regolamento <strong>Danza Aerea<\/strong> Italiano<\/a><\/div>\n\n\n\n<div class=\"wp-block-button is-style-fill\"><a class=\"wp-block-button__link has-black-color has-vivid-green-cyan-background-color has-text-color has-background\" href=\"https:\/\/campionati.aics.it\/danza-internazionale\/\" style=\"border-radius:4px\"><strong>ISCRIZIONI<\/strong><\/a><\/div>\n<\/div>\n\n\n\n<div style=\"height:20px\" aria-hidden=\"true\" class=\"wp-block-spacer\"><\/div>\n\n\n\n<div class=\"wp-block-file\"><a id=\"wp-block-file--media-56925dd0-56fa-45ea-b9d4-1aa2a505cc5a\" href=\"https:\/\/www.worldfolkvisionitalia.it\/wp-content\/uploads\/2022\/10\/AerialOnlineSelec-Elenco.pdf\"><strong>Elenco Partecipanti<\/strong> <strong>Selezione On Line<\/strong><\/a><a href=\"https:\/\/www.worldfolkvisionitalia.it\/wp-content\/uploads\/2022\/10\/AerialOnlineSelec-Elenco.pdf\" class=\"wp-block-file__button\" download aria-describedby=\"wp-block-file--media-56925dd0-56fa-45ea-b9d4-1aa2a505cc5a\">Download<\/a><\/div>\n\n\n\n<p><\/p>\n\n\n\n<h2>Risultati<\/h2>\n\n\n\n<p>PRESENTIAMO LA GRADUATORIA DELLE SELEZIONE ON-LINE DI DANZA AEREA PER LA FINALE INTERNAZIONALE \u201cWORLD DANCE COMPETITION OF PEOPLES AND CULTURES\u201d CHE SI TERR\u00c0 A MONTECATINI TERME DEL 8 AL 10 DICEMBRE.<\/p>\n\n\n\n<p>UN RINGRAZIAMENTO ALLE SCUOLE PRESENTI E A TUTTI I PARTECIPANTI PER L\u2019ALTA PROFESSIONALITA\u2019 E PER IL LIVELLO DELLE ESEGUZIONI UN GRAZIE PARTICOLARE PER LA COMPETENZA E DISPONIBILITA\u2019 DLLE NOSTRE GIUDICI CRISTINA GARC\u00c9S (SPAGNA) e ELENA GOVERNO (ITALIA), SOTTO LA SUPERVISIONE DI YOANA RUIZ (Referente del settore)<\/p>\n\n\n\n<p>LA COMMISSIONE DOPO AVER VALUTATO ATTENTAMENTE TUTTI I VIDEO INVIATI HANNO STIPULATO UNA GRADUATORIA MA DOPO UN\u2019ATTENTA ANALISI, RITENGONO <strong>CHE TUTTE<\/strong> ABBIANO I RIQUISITI MINIMI PER ENTRARE NELLA FINALE, ECCETTO QUELLE NON SELEZIONATE CHE SONO STATE PENALIZZATE PER NON AVER RISPETTOTO IL REGLOAMENTO.<\/p>\n\n\n\n<p>DURANTE LA FINALE DI MONTECATINI TERME IN UNA CERIMONIA A PARTE SARANNO PREMIATE TUTTE LE PARTECIPANTI.<\/p>\n\n\n\n<p><\/p>\n\n\n\n<p>TESSUTO&nbsp; AMATEUR:&nbsp;<\/p>\n\n\n\n<p>MINI<\/p>\n\n\n\n<ol type=\"1\"><li>DATI VIOLA<\/li><\/ol>\n\n\n\n<p>YOUTH\/JUNIOR<\/p>\n\n\n\n<ol type=\"1\"><li>CERRI ALICE<\/li><li>GAMBINI MARTA<\/li><li>SPEZZONI LISA<\/li><\/ol>\n\n\n\n<p>TESSUTO PRO : &nbsp;YOUTH<\/p>\n\n\n\n<ol type=\"1\"><li>MARTA FACCHETTI<\/li><li>PINTO GEMMA<\/li><li>PUCCI LUDOVICA<\/li><li>BONDIELLI BEATRICE<\/li><li>BERTONERI ELEONORA<\/li><\/ol>\n\n\n\n<p>TESSUTO ELITE<\/p>\n\n\n\n<ol type=\"1\"><li>POSSENTI SOFIA<\/li><li>DIAMANTE GIULIA<\/li><li>IVORRA GONZ\u00c1LEZ LUCIA<\/li><\/ol>\n\n\n\n<p>CERCHIO AMATEUR:<\/p>\n\n\n\n<p>MINI<\/p>\n\n\n\n<ol type=\"1\"><li>FORMENTI FLORA<\/li><li>SPEZZONI EMA<\/li><li>MELEGARO SOFIA<\/li><\/ol>\n\n\n\n<p>YOUTH\/JUNIOR<\/p>\n\n\n\n<ol type=\"1\"><li>CECCHI DILETTA<\/li><li>GOVERNO ELENA<\/li><li>SERNAGLIA NICOLE<\/li><\/ol>\n\n\n\n<p>CERCHIO PRO:<\/p>\n\n\n\n<p>YOUTH<\/p>\n\n\n\n<ol type=\"1\"><li>PEZZO GIULIA<\/li><li>PONTINI ERICA<\/li><li>ROSSETTI ASIA<\/li><\/ol>\n\n\n\n<p>JUNIOR<\/p>\n\n\n\n<ol type=\"1\"><li>BIRTELE MICHELA<\/li><li>DELLA MURA ELISA<\/li><li>ARICI STEFANIA<\/li><\/ol>\n\n\n\n<p>SENIOR<\/p>\n\n\n\n<ol type=\"1\"><li>SPEZIE GIADA<\/li><li>LANZARINI ELISA<\/li><\/ol>\n\n\n\n<p>CERCHIO ELITE<\/p>\n\n\n\n<ol type=\"1\"><li>FERRER GALLEGO MARTA<\/li><li>PLA MONTESINOS CARLA<\/li><\/ol>\n\n\n\n<p>DUO TESSUTO<\/p>\n\n\n\n<ol type=\"1\"><li>CAPALBO AGATA \u2013 DELFINO GAIA<\/li><\/ol>\n\n\n\n<p>DUO CERCHIO<\/p>\n\n\n\n<ul><li>NERI BEATRICE-PICCIRILLO SARA<\/li><\/ul>\n\n\n\n<p><\/p>\n\n\n\n<h2>Giuria<\/h2>\n\n\n\n<div class=\"wp-block-media-text alignwide is-stacked-on-mobile\" style=\"grid-template-columns:40% auto\"><figure class=\"wp-block-media-text__media\"><img loading=\"lazy\" width=\"819\" height=\"1024\" src=\"https:\/\/www.worldfolkvisionitalia.it\/wp-content\/uploads\/2022\/06\/CristinaGarces1-1-819x1024.jpg\" alt=\"\" class=\"wp-image-4543 size-full\" srcset=\"https:\/\/www.worldfolkvisionitalia.it\/wp-content\/uploads\/2022\/06\/CristinaGarces1-1-819x1024.jpg 819w, https:\/\/www.worldfolkvisionitalia.it\/wp-content\/uploads\/2022\/06\/CristinaGarces1-1-240x300.jpg 240w, https:\/\/www.worldfolkvisionitalia.it\/wp-content\/uploads\/2022\/06\/CristinaGarces1-1-768x960.jpg 768w, https:\/\/www.worldfolkvisionitalia.it\/wp-content\/uploads\/2022\/06\/CristinaGarces1-1-1229x1536.jpg 1229w, https:\/\/www.worldfolkvisionitalia.it\/wp-content\/uploads\/2022\/06\/CristinaGarces1-1.jpg 1280w\" sizes=\"(max-width: 819px) 100vw, 819px\" \/><\/figure><div class=\"wp-block-media-text__content\">\n<h2><strong>CRISTINA GARC\u00c8S<\/strong><\/h2>\n\n\n\n<p style=\"font-size:14px\">Laureata in Disegno di Moda in ESDI (Barcellona).Fin da giovane si \u00e8 interessata al lavoro con il corpo e l&#8217;arte, ricevendoformazione in musica, danza classica e teatro.&nbsp; Dal anno 2010 in cui hafatto le sue prime incursioni nel mondo delle acrobazie aeree, si \u00e8formata in diverse discipline (tessuti, cerchi, corde, trapezi, cinghie)dalla mano di artisti e docenti di fama nazionale ed internazionale,frequentando centri come Hangar Arts trust (Londra) oltre a svolgere unaformazione specifica in tecniche di Acrobatica Aerea e Calisthenics (\u201cTheaerial movement\u201d) di Gabriel Tramullas. Durante questo lungo processo diapprendimento si \u00e8 specializzato in cerchio, tessuto e loops.<\/p>\n\n\n\n<p style=\"font-size:14px\">Si \u00e8 formata come istruttrice di Pilates mat e amaca, di flessibilit\u00e0 conFlexiSegura (Argentina) e contorsion con diverse artiste della disciplina,facendo formazione specifica con Dasha Sovik (Cirque du Soleil) oltre acontinuare formandosi finora come istruttrice di questa stessa disciplinacon Vanesa Nieva de Fitcontor (Argentina).<\/p>\n\n\n\n<p style=\"font-size:14px\">Insegnante dal 2013, insegna corsi di aerea, flessibilit\u00e0 e contorsion indiversi centri, oltre ai suoi workshop intensivi sulla tecnica di Cerchioe Tessuti in diverse citt\u00e0 a livello nazionale e internazionale. Dal 2012\u00e8 membro e co-creatore del collettivo &#8220;Vertigo, danza aerea&#8221; eseguendospettacoli e laboratori di formazione in festival circensi europei come laEuropean Juggling Convention, per diversi anni. Co-fondatore di \u00d2RBITAEspai d&#8217;acob\u00e0cia a\u00e8ria, un centro specializzato nella formazione diacrobazie aeree.<\/p>\n<\/div><\/div>\n\n\n\n<div class=\"wp-block-media-text alignwide is-stacked-on-mobile\" style=\"grid-template-columns:40% auto\"><figure class=\"wp-block-media-text__media\"><img loading=\"lazy\" width=\"1024\" height=\"1024\" src=\"https:\/\/www.worldfolkvisionitalia.it\/wp-content\/uploads\/2022\/06\/ElenaGoverno-1024x1024.jpg\" alt=\"\" class=\"wp-image-4544 size-full\" srcset=\"https:\/\/www.worldfolkvisionitalia.it\/wp-content\/uploads\/2022\/06\/ElenaGoverno-1024x1024.jpg 1024w, https:\/\/www.worldfolkvisionitalia.it\/wp-content\/uploads\/2022\/06\/ElenaGoverno-300x300.jpg 300w, https:\/\/www.worldfolkvisionitalia.it\/wp-content\/uploads\/2022\/06\/ElenaGoverno-150x150.jpg 150w, https:\/\/www.worldfolkvisionitalia.it\/wp-content\/uploads\/2022\/06\/ElenaGoverno-768x768.jpg 768w, https:\/\/www.worldfolkvisionitalia.it\/wp-content\/uploads\/2022\/06\/ElenaGoverno-1536x1536.jpg 1536w, https:\/\/www.worldfolkvisionitalia.it\/wp-content\/uploads\/2022\/06\/ElenaGoverno-2048x2048.jpg 2048w\" sizes=\"(max-width: 1024px) 100vw, 1024px\" \/><\/figure><div class=\"wp-block-media-text__content\">\n<h2><strong>ELENA GOVERNO<\/strong><\/h2>\n\n\n\n<p style=\"font-size:14px\">Ballerina, Insegnante, Atleta e Performer.<br>Insegnante di danza e discipline aerea dal 2010.Si forma in Italia, Parigi, Londra, San Francisco e Los Angeles presso le pi\u00f9 importanti scuole e accademie presenti.Approfondisce vari stili di danza e discipline aeree, partecipando a vari spettacoli, produzioni ed eventi.Atleta e performer partecipa a varie competizione nazionali ed internazionali a San Francisco (Fog City Competion), Londra (UK Aerial Performance Championship Final), Montecatini Terme (Workd Folk Vision Italia), Roma (Campionato Italiano IPSF), Montreal (Campionato Italiano IPSF) raggiungendo ottimi risultati in tutte le competizioni.Attualmente ballerina professionista dello spettacolo \u201cA sbagliare le storie\u2026 ovvero quando le favole erano al telefono \u201c di Alberto Munarin, prodotta dal Collettivo N4 (la promozione \u00e8 affidata a ErsilaDanza).<\/p>\n<\/div><\/div>\n","protected":false},"excerpt":{"rendered":"<p>Selezioni on line di danze aeree Risultati PRESENTIAMO LA GRADUATORIA DELLE SELEZIONE ON-LINE DI DANZA AEREA PER LA FINALE INTERNAZIONALE [&hellip;]<\/p>\n","protected":false},"author":1,"featured_media":0,"parent":0,"menu_order":0,"comment_status":"closed","ping_status":"closed","template":"","meta":[],"translation":{"provider":"WPGlobus","version":"2.12.2","language":"gb","enabled_languages":["it","gb"],"languages":{"it":{"title":true,"content":true,"excerpt":false},"gb":{"title":false,"content":false,"excerpt":false}}},"yoast_head":"<!-- This site is optimized with the Yoast SEO plugin v19.4 - https:\/\/yoast.com\/wordpress\/plugins\/seo\/ -->\n<title>Selezioni On Line Danze Aeree - Risultati - World Folk Vision Italia<\/title>\n<meta name=\"robots\" content=\"index, follow, max-snippet:-1, max-image-preview:large, max-video-preview:-1\" \/>\n<link rel=\"canonical\" href=\"https:\/\/www.worldfolkvisionitalia.it\/selezioni-on-line-danze-aeree\/\" \/>\n<meta property=\"og:locale\" content=\"en_GB\" \/>\n<meta property=\"og:type\" content=\"article\" \/>\n<meta property=\"og:title\" content=\"Selezioni On Line Danze Aeree - Risultati - World Folk Vision Italia\" \/>\n<meta property=\"og:url\" content=\"https:\/\/www.worldfolkvisionitalia.it\/selezioni-on-line-danze-aeree\/\" \/>\n<meta property=\"og:site_name\" content=\"World Folk Vision Italia\" \/>\n<meta property=\"article:modified_time\" content=\"2022-11-08T14:07:36+00:00\" \/>\n<meta property=\"og:image\" content=\"https:\/\/www.worldfolkvisionitalia.it\/wp-content\/uploads\/2022\/06\/DanzeAereeSelezioniOnLine-2.jpg\" \/>\n<meta name=\"twitter:card\" content=\"summary_large_image\" \/>\n<meta name=\"twitter:label1\" content=\"Est. reading time\" \/>\n\t<meta name=\"twitter:data1\" content=\"4 minutes\" \/>\n<script type=\"application\/ld+json\" class=\"yoast-schema-graph\">{\"@context\":\"https:\/\/schema.org\",\"@graph\":[{\"@type\":\"Organization\",\"@id\":\"https:\/\/www.worldfolkvisionitalia.it\/#organization\",\"name\":\"World Folk Vision Italia\",\"url\":\"https:\/\/www.worldfolkvisionitalia.it\/\",\"sameAs\":[],\"logo\":{\"@type\":\"ImageObject\",\"inLanguage\":\"en-GB\",\"@id\":\"https:\/\/www.worldfolkvisionitalia.it\/#\/schema\/logo\/image\/\",\"url\":\"https:\/\/www.worldfolkvisionitalia.it\/wp-content\/uploads\/2024\/02\/cropped-WDC_final_pos-02-e1706888538326.png\",\"contentUrl\":\"https:\/\/www.worldfolkvisionitalia.it\/wp-content\/uploads\/2024\/02\/cropped-WDC_final_pos-02-e1706888538326.png\",\"width\":300,\"height\":109,\"caption\":\"World Folk Vision Italia\"},\"image\":{\"@id\":\"https:\/\/www.worldfolkvisionitalia.it\/#\/schema\/logo\/image\/\"}},{\"@type\":\"WebSite\",\"@id\":\"https:\/\/www.worldfolkvisionitalia.it\/#website\",\"url\":\"https:\/\/www.worldfolkvisionitalia.it\/\",\"name\":\"World Folk Vision Italia\",\"description\":\"\",\"publisher\":{\"@id\":\"https:\/\/www.worldfolkvisionitalia.it\/#organization\"},\"potentialAction\":[{\"@type\":\"SearchAction\",\"target\":{\"@type\":\"EntryPoint\",\"urlTemplate\":\"https:\/\/www.worldfolkvisionitalia.it\/?s={search_term_string}\"},\"query-input\":\"required name=search_term_string\"}],\"inLanguage\":\"en-GB\"},{\"@type\":\"WebPage\",\"@id\":\"https:\/\/www.worldfolkvisionitalia.it\/selezioni-on-line-danze-aeree\/\",\"url\":\"https:\/\/www.worldfolkvisionitalia.it\/selezioni-on-line-danze-aeree\/\",\"name\":\"Selezioni On Line Danze Aeree - Risultati - World Folk Vision Italia\",\"isPartOf\":{\"@id\":\"https:\/\/www.worldfolkvisionitalia.it\/#website\"},\"datePublished\":\"2022-06-03T13:12:22+00:00\",\"dateModified\":\"2022-11-08T14:07:36+00:00\",\"description\":\"Selezioni On Line Danze Aeree - Concorso Nazionale ed internazionale di danze aeree, tutte le informazioni per partecipare e le scadenze\",\"breadcrumb\":{\"@id\":\"https:\/\/www.worldfolkvisionitalia.it\/selezioni-on-line-danze-aeree\/#breadcrumb\"},\"inLanguage\":\"en-GB\",\"potentialAction\":[{\"@type\":\"ReadAction\",\"target\":[\"https:\/\/www.worldfolkvisionitalia.it\/selezioni-on-line-danze-aeree\/\"]}]},{\"@type\":\"BreadcrumbList\",\"@id\":\"https:\/\/www.worldfolkvisionitalia.it\/selezioni-on-line-danze-aeree\/#breadcrumb\",\"itemListElement\":[{\"@type\":\"ListItem\",\"position\":1,\"name\":\"Home\",\"item\":\"https:\/\/www.worldfolkvisionitalia.it\/\"},{\"@type\":\"ListItem\",\"position\":2,\"name\":\"Selezioni On Line Danze Aeree &#8211; Risultati\"}]}]}<\/script>\n<!-- \/ Yoast SEO plugin. -->","yoast_head_json":{"title":"Selezioni On Line Danze Aeree - Risultati - World Folk Vision Italia","robots":{"index":"index","follow":"follow","max-snippet":"max-snippet:-1","max-image-preview":"max-image-preview:large","max-video-preview":"max-video-preview:-1"},"canonical":"https:\/\/www.worldfolkvisionitalia.it\/selezioni-on-line-danze-aeree\/","og_locale":"en_GB","og_type":"article","og_title":"Selezioni On Line Danze Aeree - Risultati - World Folk Vision Italia","og_url":"https:\/\/www.worldfolkvisionitalia.it\/selezioni-on-line-danze-aeree\/","og_site_name":"World Folk Vision Italia","article_modified_time":"2022-11-08T14:07:36+00:00","og_image":[{"url":"https:\/\/www.worldfolkvisionitalia.it\/wp-content\/uploads\/2022\/06\/DanzeAereeSelezioniOnLine-2.jpg"}],"twitter_card":"summary_large_image","twitter_misc":{"Est. reading time":"4 minutes"},"schema":{"@context":"https:\/\/schema.org","@graph":[{"@type":"Organization","@id":"https:\/\/www.worldfolkvisionitalia.it\/#organization","name":"World Folk Vision Italia","url":"https:\/\/www.worldfolkvisionitalia.it\/","sameAs":[],"logo":{"@type":"ImageObject","inLanguage":"en-GB","@id":"https:\/\/www.worldfolkvisionitalia.it\/#\/schema\/logo\/image\/","url":"https:\/\/www.worldfolkvisionitalia.it\/wp-content\/uploads\/2024\/02\/cropped-WDC_final_pos-02-e1706888538326.png","contentUrl":"https:\/\/www.worldfolkvisionitalia.it\/wp-content\/uploads\/2024\/02\/cropped-WDC_final_pos-02-e1706888538326.png","width":300,"height":109,"caption":"World Folk Vision Italia"},"image":{"@id":"https:\/\/www.worldfolkvisionitalia.it\/#\/schema\/logo\/image\/"}},{"@type":"WebSite","@id":"https:\/\/www.worldfolkvisionitalia.it\/#website","url":"https:\/\/www.worldfolkvisionitalia.it\/","name":"World Folk Vision Italia","description":"","publisher":{"@id":"https:\/\/www.worldfolkvisionitalia.it\/#organization"},"potentialAction":[{"@type":"SearchAction","target":{"@type":"EntryPoint","urlTemplate":"https:\/\/www.worldfolkvisionitalia.it\/?s={search_term_string}"},"query-input":"required name=search_term_string"}],"inLanguage":"en-GB"},{"@type":"WebPage","@id":"https:\/\/www.worldfolkvisionitalia.it\/selezioni-on-line-danze-aeree\/","url":"https:\/\/www.worldfolkvisionitalia.it\/selezioni-on-line-danze-aeree\/","name":"Selezioni On Line Danze Aeree - Risultati - World Folk Vision Italia","isPartOf":{"@id":"https:\/\/www.worldfolkvisionitalia.it\/#website"},"datePublished":"2022-06-03T13:12:22+00:00","dateModified":"2022-11-08T14:07:36+00:00","description":"Selezioni On Line Danze Aeree - Concorso Nazionale ed internazionale di danze aeree, tutte le informazioni per partecipare e le scadenze","breadcrumb":{"@id":"https:\/\/www.worldfolkvisionitalia.it\/selezioni-on-line-danze-aeree\/#breadcrumb"},"inLanguage":"en-GB","potentialAction":[{"@type":"ReadAction","target":["https:\/\/www.worldfolkvisionitalia.it\/selezioni-on-line-danze-aeree\/"]}]},{"@type":"BreadcrumbList","@id":"https:\/\/www.worldfolkvisionitalia.it\/selezioni-on-line-danze-aeree\/#breadcrumb","itemListElement":[{"@type":"ListItem","position":1,"name":"Home","item":"https:\/\/www.worldfolkvisionitalia.it\/"},{"@type":"ListItem","position":2,"name":"Selezioni On Line Danze Aeree &#8211; Risultati"}]}]}},"_links":{"self":[{"href":"https:\/\/www.worldfolkvisionitalia.it\/gb\/wp-json\/wp\/v2\/pages\/4507"}],"collection":[{"href":"https:\/\/www.worldfolkvisionitalia.it\/gb\/wp-json\/wp\/v2\/pages"}],"about":[{"href":"https:\/\/www.worldfolkvisionitalia.it\/gb\/wp-json\/wp\/v2\/types\/page"}],"author":[{"embeddable":true,"href":"https:\/\/www.worldfolkvisionitalia.it\/gb\/wp-json\/wp\/v2\/users\/1"}],"replies":[{"embeddable":true,"href":"https:\/\/www.worldfolkvisionitalia.it\/gb\/wp-json\/wp\/v2\/comments?post=4507"}],"version-history":[{"count":19,"href":"https:\/\/www.worldfolkvisionitalia.it\/gb\/wp-json\/wp\/v2\/pages\/4507\/revisions"}],"predecessor-version":[{"id":4875,"href":"https:\/\/www.worldfolkvisionitalia.it\/gb\/wp-json\/wp\/v2\/pages\/4507\/revisions\/4875"}],"wp:attachment":[{"href":"https:\/\/www.worldfolkvisionitalia.it\/gb\/wp-json\/wp\/v2\/media?parent=4507"}],"curies":[{"name":"wp","href":"https:\/\/api.w.org\/{rel}","templated":true}]}}